{"id":8,"date":"2022-02-14T09:31:13","date_gmt":"2022-02-14T09:31:13","guid":{"rendered":"http:\/\/127.0.0.1\/?page_id=8"},"modified":"2022-04-07T08:32:51","modified_gmt":"2022-04-07T08:32:51","slug":"preguntas-frecuentes","status":"publish","type":"page","link":"https:\/\/www.agorabcn.com\/es\/preguntas-frecuentes\/","title":{"rendered":"Preguntas frecuentes"},"content":{"rendered":"\n<h1 class=\"wrapper padding has-text-color has-x-large-font-size wp-block-heading\" style=\"color:#fd773e;font-style:normal;font-weight:700; font-family:'Archivo',sans-serif;\"><br><strong>Preguntas frecuentes<\/strong><\/h1>\n\n\n\n<div class=\"wp-block-group wrapper padding faqs\"><div class=\"wp-block-group__inner-container is-layout-flow wp-block-group-is-layout-flow\"><div id=\"block-agora-faqblock_621587fbb4c88\" class=\" wp-block-group block-agora-faq \">\n        <h2>Busco mi primera residencia universitaria<\/h2>\n        <ul class=\"preguntas\">\n                <li class=\"pregunta\">\n            <a name=\"puedo-residir-en-agora-y-estar-matriculado-en-cualquier-universidad\"><\/a>\n            <div class=\"texto-pregunta\">\n                <a href=\"#\">\n                    \u00bfPuedo residir en \u00c0gora y estar matriculado en cualquier universidad?                    <span class=\"icon-angle-down\"><\/span>\n                <\/a>\n            <\/div>\n            <div class=\"respuesta html\">\n                <p>S\u00ed, puedes estudiar en cualquier universidad y residir en \u00c0gora.<\/p>\n            <\/div>\n        <\/li>\n                <li class=\"pregunta\">\n            <a name=\"tengo-que-residir-en-agora-el-curso-completo\"><\/a>\n            <div class=\"texto-pregunta\">\n                <a href=\"#\">\n                    \u00bfTengo que residir en \u00c0gora el curso completo?                    <span class=\"icon-angle-down\"><\/span>\n                <\/a>\n            <\/div>\n            <div class=\"respuesta html\">\n                <p>No. Puedes residir el curso completo o seleccionar solamente los meses o semanas que desees.<\/p>\n            <\/div>\n        <\/li>\n                <li class=\"pregunta\">\n            <a name=\"donde-esta-la-residencia-agora\"><\/a>\n            <div class=\"texto-pregunta\">\n                <a href=\"#\">\n                    \u00bfD\u00f3nde est\u00e1 la residencia \u00c0gora?                    <span class=\"icon-angle-down\"><\/span>\n                <\/a>\n            <\/div>\n            <div class=\"respuesta html\">\n                <p>En la zona de Horta. Concretamente en Passeig dels Castanyers, 21 08035 Barcelona.<\/p>\n            <\/div>\n        <\/li>\n            <\/ul>\n<\/div>\n\n<div id=\"block-agora-faqblock_621588bff8f5c\" class=\" wp-block-group block-agora-faq \">\n        <h2>Me quedo en \u00c0gora, \u00bfcu\u00e1l es el proceso de matr\u00edcula?<\/h2>\n        <ul class=\"preguntas\">\n                <li class=\"pregunta\">\n            <a name=\"una-vez-haya-enviado-el-formulario-de-preinscripcion-que-tengo-que-hacer\"><\/a>\n            <div class=\"texto-pregunta\">\n                <a href=\"#\">\n                    Una vez haya enviado el formulario de preinscripci\u00f3n, \u00bfqu\u00e9 tengo que hacer?                    <span class=\"icon-angle-down\"><\/span>\n                <\/a>\n            <\/div>\n            <div class=\"respuesta html\">\n                <p>Cuando recibamos tu solicitud de plaza, te enviaremos un correo electr\u00f3nico para informarte del siguiente paso que debes realizar: el pago del importe de la preinscripci\u00f3n (250 \u20ac, IVA incluido). En el momento que efect\u00faes el pago de la matr\u00edcula, la plaza ser\u00e1 tuya. Si tienes alguna duda siempre nos puedes llamar.<\/p>\n            <\/div>\n        <\/li>\n                <li class=\"pregunta\">\n            <a name=\"una-vez-matriculado-cuando-puedo-entrar-a-residir-a-agora-bcn\"><\/a>\n            <div class=\"texto-pregunta\">\n                <a href=\"#\">\n                    Una vez matriculado, \u00bfcu\u00e1ndo puedo entrar a residir a \u00c0gora BCN?                     <span class=\"icon-angle-down\"><\/span>\n                <\/a>\n            <\/div>\n            <div class=\"respuesta html\">\n                <p>Todos los residentes de curso completo pueden entrar a \u00c0gora BCN a partir del 1 de septiembre. El d\u00eda de llegada se informar\u00e1 a los residentes de todo lo necesario para vivir en la residencia (horarios, n\u00ba habitaci\u00f3n, c\u00f3digo interno, actividades, reuniones, etc.), \u00a1Te esperamos!<\/p>\n            <\/div>\n        <\/li>\n                <li class=\"pregunta\">\n            <a name=\"que-es-el-deposito-de-garantia-fianza\"><\/a>\n            <div class=\"texto-pregunta\">\n                <a href=\"#\">\n                    \u00bfQu\u00e9 es el dep\u00f3sito de garant\u00eda (fianza)?                     <span class=\"icon-angle-down\"><\/span>\n                <\/a>\n            <\/div>\n            <div class=\"respuesta html\">\n                <p>Este importe tiene efectos de fianza, para cubrir posibles da\u00f1os ocasionados y bajas. Cuando termine el curso, en ausencia de da\u00f1os imputables al residente y habiendo cumplido con el contrato firmado, este dep\u00f3sito se devolver\u00e1.<\/p>\n            <\/div>\n        <\/li>\n                <li class=\"pregunta\">\n            <a name=\"cuando-se-devuelve-el-deposito-de-garantia-fianza\"><\/a>\n            <div class=\"texto-pregunta\">\n                <a href=\"#\">\n                    \u00bfCu\u00e1ndo se devuelve el dep\u00f3sito de garant\u00eda (fianza)?                    <span class=\"icon-angle-down\"><\/span>\n                <\/a>\n            <\/div>\n            <div class=\"respuesta html\">\n                <p>Cuando finalice el curso, en ausencia de da\u00f1os imputables al residente y una vez cumplido el contrato firmado, este dep\u00f3sito se devolver\u00e1.<\/p>\n            <\/div>\n        <\/li>\n            <\/ul>\n<\/div>\n\n<div id=\"block-agora-faqblock_621588ccf8f5d\" class=\" wp-block-group block-agora-faq \">\n        <h2>D\u00f3nde comer, lavar y secar la ropa y otras dudas pr\u00e1cticas<\/h2>\n        <ul class=\"preguntas\">\n                <li class=\"pregunta\">\n            <a name=\"donde-podre-comer\"><\/a>\n            <div class=\"texto-pregunta\">\n                <a href=\"#\">\n                    \u00bfD\u00f3nde podr\u00e9 comer?                    <span class=\"icon-angle-down\"><\/span>\n                <\/a>\n            <\/div>\n            <div class=\"respuesta html\">\n                <p>Disponemos de comedor propio con servicio de cocina diario. Puedes elegir distintas pensiones en funci\u00f3n de los d\u00edas a la semana que pasar\u00e1s en \u00c0gora.<\/p>\n            <\/div>\n        <\/li>\n                <li class=\"pregunta\">\n            <a name=\"podre-lavar-mi-ropa\"><\/a>\n            <div class=\"texto-pregunta\">\n                <a href=\"#\">\n                    \u00bfPodr\u00e9 lavar mi ropa?                    <span class=\"icon-angle-down\"><\/span>\n                <\/a>\n            <\/div>\n            <div class=\"respuesta html\">\n                <p>S\u00ed, en \u00c0gora contamos con una sala de lavander\u00eda a vuestra disposici\u00f3n.<\/p>\n            <\/div>\n        <\/li>\n                <li class=\"pregunta\">\n            <a name=\"como-es-la-comida-del-comedor\"><\/a>\n            <div class=\"texto-pregunta\">\n                <a href=\"#\">\n                    \u00bfC\u00f3mo es la comida del comedor?                    <span class=\"icon-angle-down\"><\/span>\n                <\/a>\n            <\/div>\n            <div class=\"respuesta html\">\n                <p>Cocinamos con productos saludables, frescos y de mercado. El servicio es tipo buf\u00e9.<\/p>\n            <\/div>\n        <\/li>\n                <li class=\"pregunta\">\n            <a name=\"hay-opciones-vegetarianas-en-las-comidas\"><\/a>\n            <div class=\"texto-pregunta\">\n                <a href=\"#\">\n                    \u00bfHay opciones vegetarianas en las comidas?                    <span class=\"icon-angle-down\"><\/span>\n                <\/a>\n            <\/div>\n            <div class=\"respuesta html\">\n                <p>S\u00ed, disponemos de opciones vegetarianas en todas las comidas.<\/p>\n            <\/div>\n        <\/li>\n                <li class=\"pregunta\">\n            <a name=\"puedo-recibir-paquetes-en-la-residencia\"><\/a>\n            <div class=\"texto-pregunta\">\n                <a href=\"#\">\n                    \u00bfPuedo recibir paquetes en la residencia?                    <span class=\"icon-angle-down\"><\/span>\n                <\/a>\n            <\/div>\n            <div class=\"respuesta html\">\n                <p>S\u00ed, nuestra recepci\u00f3n abierta 24h se encargar\u00e1 de recoger tus paquetes.<\/p>\n            <\/div>\n        <\/li>\n                <li class=\"pregunta\">\n            <a name=\"que-paradas-de-metro-hay-cerca-de-la-residencia\"><\/a>\n            <div class=\"texto-pregunta\">\n                <a href=\"#\">\n                    \u00bfQu\u00e9 paradas de metro hay cerca de la residencia?                    <span class=\"icon-angle-down\"><\/span>\n                <\/a>\n            <\/div>\n            <div class=\"respuesta html\">\n                <p>Cerca de \u00c0gora encontrar\u00e1s la parada de Metro Mundet y la parada Valldaura (l\u00ednea L3) que te conectan con toda la ciudad.<\/p>\n            <\/div>\n        <\/li>\n                <li class=\"pregunta\">\n            <a name=\"el-precio-de-las-habitaciones-incluye-limpieza\"><\/a>\n            <div class=\"texto-pregunta\">\n                <a href=\"#\">\n                    \u00bfEl precio de las habitaciones incluye limpieza?                    <span class=\"icon-angle-down\"><\/span>\n                <\/a>\n            <\/div>\n            <div class=\"respuesta html\">\n                <p>S\u00ed, el precio incluye limpieza semanal.<\/p>\n            <\/div>\n        <\/li>\n                <li class=\"pregunta\">\n            <a name=\"el-wifi-esta-incluido\"><\/a>\n            <div class=\"texto-pregunta\">\n                <a href=\"#\">\n                    \u00bfEl WiFi est\u00e1 incluido?                    <span class=\"icon-angle-down\"><\/span>\n                <\/a>\n            <\/div>\n            <div class=\"respuesta html\">\n                <p>S\u00ed, est\u00e1 incluido en el precio de la habitaci\u00f3n.<\/p>\n            <\/div>\n        <\/li>\n            <\/ul>\n<\/div>\n\n<div id=\"block-agora-faqblock_6229eacced495\" class=\" wp-block-group block-agora-faq \">\n        <h2>Buscamos alojamiento para grupos<\/h2>\n        <ul class=\"preguntas\">\n                <li class=\"pregunta\">\n            <a name=\"hay-un-maximo-de-personas-por-grupo\"><\/a>\n            <div class=\"texto-pregunta\">\n                <a href=\"#\">\n                    \u00bfHay un m\u00e1ximo de personas por grupo?                    <span class=\"icon-angle-down\"><\/span>\n                <\/a>\n            <\/div>\n            <div class=\"respuesta html\">\n                <p>Consideramos un grupo a partir de 20 personas.<\/p>\n            <\/div>\n        <\/li>\n                <li class=\"pregunta\">\n            <a name=\"con-cuanta-antelacion-debemos-reservar\"><\/a>\n            <div class=\"texto-pregunta\">\n                <a href=\"#\">\n                    \u00bfCon cu\u00e1nta antelaci\u00f3n debemos reservar?                    <span class=\"icon-angle-down\"><\/span>\n                <\/a>\n            <\/div>\n            <div class=\"respuesta html\">\n                <p>La que t\u00fa necesites, siempre que tengamos plazas.<\/p>\n            <\/div>\n        <\/li>\n                <li class=\"pregunta\">\n            <a name=\"hay-descuento-por-reservar-para-grupos\"><\/a>\n            <div class=\"texto-pregunta\">\n                <a href=\"#\">\n                    \u00bfHay descuento por reservar para grupos?                    <span class=\"icon-angle-down\"><\/span>\n                <\/a>\n            <\/div>\n            <div class=\"respuesta html\">\n                <p>Tenemos tarifas especiales, no dudes en preguntarnos.<\/p>\n            <\/div>\n        <\/li>\n            <\/ul>\n<\/div>\n\n<div id=\"block-agora-faqblock_6229eb55ed496\" class=\" wp-block-group block-agora-faq \">\n        <h2>Vivir en Barcelona<\/h2>\n        <ul class=\"preguntas\">\n                <li class=\"pregunta\">\n            <a name=\"cuanto-se-gasta-en-transporte-publico\"><\/a>\n            <div class=\"texto-pregunta\">\n                <a href=\"#\">\n                    \u00bfCu\u00e1nto se gasta en transporte p\u00fablico?                    <span class=\"icon-angle-down\"><\/span>\n                <\/a>\n            <\/div>\n            <div class=\"respuesta html\">\n                <p>Barcelona dispone de bonos transporte para j\u00f3venes. En \u00c0gora adem\u00e1s regalamos a nuestros residentes una tarjeta de transporte v\u00e1lida para 3 meses.<\/p>\n            <\/div>\n        <\/li>\n                <li class=\"pregunta\">\n            <a name=\"cual-es-el-precio-medio-para-comer-o-cenar-fuera-en-la-ciudad\"><\/a>\n            <div class=\"texto-pregunta\">\n                <a href=\"#\">\n                    \u00bfCu\u00e1l es el precio medio para comer o cenar fuera en la ciudad?                    <span class=\"icon-angle-down\"><\/span>\n                <\/a>\n            <\/div>\n            <div class=\"respuesta html\">\n                <p>En Barcelona puedes encontrar todo tipo de restaurantes: comida local e internacional, lujosos, asequibles, veganos, sin gluten&#8230; Todo depender\u00e1 de lo que te apetezca, hay opciones para todos los gustos y bolsillos.<\/p>\n            <\/div>\n        <\/li>\n                <li class=\"pregunta\">\n            <a name=\"es-una-ciudad-segura\"><\/a>\n            <div class=\"texto-pregunta\">\n                <a href=\"#\">\n                    \u00bfEs una ciudad segura?                    <span class=\"icon-angle-down\"><\/span>\n                <\/a>\n            <\/div>\n            <div class=\"respuesta html\">\n                <p>Barcelona es una de las ciudades preferidas por estudiantes de todo el mundo y uno de los motivos es su seguridad. Adem\u00e1s, en nuestra residencia disponemos de servicio de vigilancia para un extra de tranquilidad.<\/p>\n            <\/div>\n        <\/li>\n                <li class=\"pregunta\">\n            <a name=\"con-que-transportes-me-puedo-desplazar-por-la-ciudad-si-no-dispongo-de-vehiculo-propio\"><\/a>\n            <div class=\"texto-pregunta\">\n                <a href=\"#\">\n                    \u00bfCon qu\u00e9 transportes me puedo desplazar por la ciudad si no dispongo de veh\u00edculo propio?                    <span class=\"icon-angle-down\"><\/span>\n                <\/a>\n            <\/div>\n            <div class=\"respuesta html\">\n                <p>Barcelona cuenta con trenes, Metro, tranv\u00eda, autob\u00fas, ferrocarril, taxis y Bicing. Tambi\u00e9n puedes encontrar empresas de renting de patinetes y scooters.<\/p>\n            <\/div>\n        <\/li>\n                <li class=\"pregunta\">\n            <a name=\"como-puedo-llegar-a-agora-desde-mi-ciudad\"><\/a>\n            <div class=\"texto-pregunta\">\n                <a href=\"#\">\n                    \u00bfC\u00f3mo puedo llegar a \u00c0gora desde mi ciudad?                    <span class=\"icon-angle-down\"><\/span>\n                <\/a>\n            <\/div>\n            <div class=\"respuesta html\">\n                <p>Nuestra residencia universitaria est\u00e1 a solo 21 minutos del Aeropuerto del Prat. Nuestra ubicaci\u00f3n dentro del Campus CETT es privilegiada: estamos rodeados de jardines y naturaleza pero a tan solo 15 minutos del centro de Barcelona. Si te desplazas en Metro baja en la parada Mundet, la residencia \u00c1gora est\u00e1 a solo 5 minutos caminando. Tambi\u00e9n puedes llegar en autob\u00fas urbano, en taxi y en coche particular &#8211; hay muchos parkings a mano -.<\/p>\n            <\/div>\n        <\/li>\n            <\/ul>\n<\/div><\/div><\/div>\n\n\n\n<p><\/p>\n","protected":false},"excerpt":{"rendered":"<p>Preguntas frecuentes<\/p>\n","protected":false},"author":1,"featured_media":0,"parent":0,"menu_order":0,"comment_status":"closed","ping_status":"closed","template":"","meta":{"_acf_changed":false,"footnotes":""},"class_list":["post-8","page","type-page","status-publish","hentry"],"acf":[],"yoast_head":"<!-- This site is optimized with the Yoast SEO plugin v27.4 - https:\/\/yoast.com\/product\/yoast-seo-wordpress\/ -->\n<title>Preguntas frecuentes - \u00c0gora BCN<\/title>\n<meta name=\"description\" content=\"Resuelve aqu\u00ed las dudas m\u00e1s frecuentes sobre nuestra residencia universitaria internacional en Barcelona. Tiempos de estada, alojamientos, ...\" \/>\n<meta name=\"robots\" content=\"index, follow, max-snippet:-1, max-image-preview:large, max-video-preview:-1\" \/>\n<link rel=\"canonical\" href=\"https:\/\/www.agorabcn.com\/es\/preguntas-frecuentes\/\" \/>\n<meta property=\"og:locale\" content=\"es_ES\" \/>\n<meta property=\"og:type\" content=\"article\" \/>\n<meta property=\"og:title\" content=\"Preguntas frecuentes - \u00c0gora BCN\" \/>\n<meta property=\"og:description\" content=\"Resuelve aqu\u00ed las dudas m\u00e1s frecuentes sobre nuestra residencia universitaria internacional en Barcelona. Tiempos de estada, alojamientos, ...\" \/>\n<meta property=\"og:url\" content=\"https:\/\/www.agorabcn.com\/es\/preguntas-frecuentes\/\" \/>\n<meta property=\"og:site_name\" content=\"\u00c0gora BCN\" \/>\n<meta property=\"article:modified_time\" content=\"2022-04-07T08:32:51+00:00\" \/>\n<meta name=\"twitter:card\" content=\"summary_large_image\" \/>\n<meta name=\"twitter:label1\" content=\"Tiempo de lectura\" \/>\n\t<meta name=\"twitter:data1\" content=\"1 minuto\" \/>\n<script type=\"application\/ld+json\" class=\"yoast-schema-graph\">{\"@context\":\"https:\\\/\\\/schema.org\",\"@graph\":[{\"@type\":\"WebPage\",\"@id\":\"https:\\\/\\\/www.agorabcn.com\\\/es\\\/preguntas-frecuentes\\\/\",\"url\":\"https:\\\/\\\/www.agorabcn.com\\\/es\\\/preguntas-frecuentes\\\/\",\"name\":\"Preguntas frecuentes - \u00c0gora BCN\",\"isPartOf\":{\"@id\":\"https:\\\/\\\/www.agorabcn.com\\\/es\\\/#website\"},\"datePublished\":\"2022-02-14T09:31:13+00:00\",\"dateModified\":\"2022-04-07T08:32:51+00:00\",\"description\":\"Resuelve aqu\u00ed las dudas m\u00e1s frecuentes sobre nuestra residencia universitaria internacional en Barcelona. Tiempos de estada, alojamientos, ...\",\"breadcrumb\":{\"@id\":\"https:\\\/\\\/www.agorabcn.com\\\/es\\\/preguntas-frecuentes\\\/#breadcrumb\"},\"inLanguage\":\"es\",\"potentialAction\":[{\"@type\":\"ReadAction\",\"target\":[\"https:\\\/\\\/www.agorabcn.com\\\/es\\\/preguntas-frecuentes\\\/\"]}]},{\"@type\":\"BreadcrumbList\",\"@id\":\"https:\\\/\\\/www.agorabcn.com\\\/es\\\/preguntas-frecuentes\\\/#breadcrumb\",\"itemListElement\":[{\"@type\":\"ListItem\",\"position\":1,\"name\":\"Portada\",\"item\":\"https:\\\/\\\/www.agorabcn.com\\\/es\\\/\"},{\"@type\":\"ListItem\",\"position\":2,\"name\":\"Preguntas frecuentes\"}]},{\"@type\":\"WebSite\",\"@id\":\"https:\\\/\\\/www.agorabcn.com\\\/es\\\/#website\",\"url\":\"https:\\\/\\\/www.agorabcn.com\\\/es\\\/\",\"name\":\"\u00c0gora BCN\",\"description\":\"Residencia universitaria internacional en Barcelona\",\"potentialAction\":[{\"@type\":\"SearchAction\",\"target\":{\"@type\":\"EntryPoint\",\"urlTemplate\":\"https:\\\/\\\/www.agorabcn.com\\\/es\\\/?s={search_term_string}\"},\"query-input\":{\"@type\":\"PropertyValueSpecification\",\"valueRequired\":true,\"valueName\":\"search_term_string\"}}],\"inLanguage\":\"es\"}]}<\/script>\n<!-- \/ Yoast SEO plugin. -->","yoast_head_json":{"title":"Preguntas frecuentes - \u00c0gora BCN","description":"Resuelve aqu\u00ed las dudas m\u00e1s frecuentes sobre nuestra residencia universitaria internacional en Barcelona. Tiempos de estada, alojamientos, ...","robots":{"index":"index","follow":"follow","max-snippet":"max-snippet:-1","max-image-preview":"max-image-preview:large","max-video-preview":"max-video-preview:-1"},"canonical":"https:\/\/www.agorabcn.com\/es\/preguntas-frecuentes\/","og_locale":"es_ES","og_type":"article","og_title":"Preguntas frecuentes - \u00c0gora BCN","og_description":"Resuelve aqu\u00ed las dudas m\u00e1s frecuentes sobre nuestra residencia universitaria internacional en Barcelona. Tiempos de estada, alojamientos, ...","og_url":"https:\/\/www.agorabcn.com\/es\/preguntas-frecuentes\/","og_site_name":"\u00c0gora BCN","article_modified_time":"2022-04-07T08:32:51+00:00","twitter_card":"summary_large_image","twitter_misc":{"Tiempo de lectura":"1 minuto"},"schema":{"@context":"https:\/\/schema.org","@graph":[{"@type":"WebPage","@id":"https:\/\/www.agorabcn.com\/es\/preguntas-frecuentes\/","url":"https:\/\/www.agorabcn.com\/es\/preguntas-frecuentes\/","name":"Preguntas frecuentes - \u00c0gora BCN","isPartOf":{"@id":"https:\/\/www.agorabcn.com\/es\/#website"},"datePublished":"2022-02-14T09:31:13+00:00","dateModified":"2022-04-07T08:32:51+00:00","description":"Resuelve aqu\u00ed las dudas m\u00e1s frecuentes sobre nuestra residencia universitaria internacional en Barcelona. Tiempos de estada, alojamientos, ...","breadcrumb":{"@id":"https:\/\/www.agorabcn.com\/es\/preguntas-frecuentes\/#breadcrumb"},"inLanguage":"es","potentialAction":[{"@type":"ReadAction","target":["https:\/\/www.agorabcn.com\/es\/preguntas-frecuentes\/"]}]},{"@type":"BreadcrumbList","@id":"https:\/\/www.agorabcn.com\/es\/preguntas-frecuentes\/#breadcrumb","itemListElement":[{"@type":"ListItem","position":1,"name":"Portada","item":"https:\/\/www.agorabcn.com\/es\/"},{"@type":"ListItem","position":2,"name":"Preguntas frecuentes"}]},{"@type":"WebSite","@id":"https:\/\/www.agorabcn.com\/es\/#website","url":"https:\/\/www.agorabcn.com\/es\/","name":"\u00c0gora BCN","description":"Residencia universitaria internacional en Barcelona","potentialAction":[{"@type":"SearchAction","target":{"@type":"EntryPoint","urlTemplate":"https:\/\/www.agorabcn.com\/es\/?s={search_term_string}"},"query-input":{"@type":"PropertyValueSpecification","valueRequired":true,"valueName":"search_term_string"}}],"inLanguage":"es"}]}},"_links":{"self":[{"href":"https:\/\/www.agorabcn.com\/es\/wp-json\/wp\/v2\/pages\/8","targetHints":{"allow":["GET"]}}],"collection":[{"href":"https:\/\/www.agorabcn.com\/es\/wp-json\/wp\/v2\/pages"}],"about":[{"href":"https:\/\/www.agorabcn.com\/es\/wp-json\/wp\/v2\/types\/page"}],"author":[{"embeddable":true,"href":"https:\/\/www.agorabcn.com\/es\/wp-json\/wp\/v2\/users\/1"}],"replies":[{"embeddable":true,"href":"https:\/\/www.agorabcn.com\/es\/wp-json\/wp\/v2\/comments?post=8"}],"version-history":[{"count":5,"href":"https:\/\/www.agorabcn.com\/es\/wp-json\/wp\/v2\/pages\/8\/revisions"}],"predecessor-version":[{"id":1716,"href":"https:\/\/www.agorabcn.com\/es\/wp-json\/wp\/v2\/pages\/8\/revisions\/1716"}],"wp:attachment":[{"href":"https:\/\/www.agorabcn.com\/es\/wp-json\/wp\/v2\/media?parent=8"}],"curies":[{"name":"wp","href":"https:\/\/api.w.org\/{rel}","templated":true}]}}