{"id":688,"date":"2022-02-23T01:25:09","date_gmt":"2022-02-23T01:25:09","guid":{"rendered":"http:\/\/13.36.145.80\/index.php\/vivir-en-barcelona\/"},"modified":"2022-04-01T09:52:05","modified_gmt":"2022-04-01T09:52:05","slug":"viure-a-barcelona","status":"publish","type":"page","link":"https:\/\/www.agorabcn.com\/ca\/viure-a-barcelona\/","title":{"rendered":"Viure a Barcelona"},"content":{"rendered":"\n<div class=\"wp-block-cover\"><span aria-hidden=\"true\" class=\"wp-block-cover__gradient-background has-background-dim\"><\/span><img loading=\"lazy\" decoding=\"async\" width=\"1319\" height=\"500\" class=\"wp-block-cover__image-background wp-image-1337\" alt=\"\" src=\"http:\/\/13.36.145.80\/wp-content\/uploads\/2022\/03\/header-bcn.jpg\" data-object-fit=\"cover\" srcset=\"https:\/\/www.agorabcn.com\/wp-content\/uploads\/2022\/03\/header-bcn.jpg 1319w, https:\/\/www.agorabcn.com\/wp-content\/uploads\/2022\/03\/header-bcn-1024x388.jpg 1024w, https:\/\/www.agorabcn.com\/wp-content\/uploads\/2022\/03\/header-bcn-768x291.jpg 768w\" sizes=\"auto, (max-width: 1319px) 100vw, 1319px\" \/><div class=\"wp-block-cover__inner-container is-layout-flow wp-block-cover-is-layout-flow\">\n<div class=\"wp-block-group wrapper\"><div class=\"wp-block-group__inner-container is-layout-flow wp-block-group-is-layout-flow\">\n<h1 class=\"wp-block-heading\" id=\"vivir-en-barcelona\"><strong>Viure a Barcelona<\/strong><\/h1>\n<\/div><\/div>\n<\/div><\/div>\n\n\n\n<div class=\"wp-block-group padding wrapper\"><div class=\"wp-block-group__inner-container is-layout-flow wp-block-group-is-layout-flow\">\n<h2 class=\"has-text-align-center padding-bottom wp-block-heading\" id=\"que-hacer-cuando-no-estas-estudiando\">Que fer quan no est\u00e0s estudiant?<\/h2>\n\n\n<div id=\"block-agora-accordionblock_622720c871c51\" class=\" wp-block-group block-agora-accordion  \">\n    <ul class=\"items\">\n                <li class=\"item\">\n            <a href=\"#\">\n                <div class=\"media\" style=\"background-image:url(https:\/\/www.agorabcn.com\/wp-content\/uploads\/2022\/03\/bcn-musica.jpg)\"><\/div>\n                <div class=\"excerpt\">\n                    <h2>Teatre i M\u00fasica<\/h2>\n                    <h3>Gaudeix de musicals, obres internacionals i m\u00fasica cl\u00e0ssica<\/h2>\n                    <span class=\"icon-angle-down icon-angle-up\"><\/span>\n                <\/div>\n            <\/a>\n            <div class=\"text html\">\n                <ul>\n<li><strong>Club Capitol <\/strong>&#8211; Tel\u00e8fon: 93 412 20 38\u00a0 \/ Direcci\u00f3: La rambla 138, Barcelona<\/li>\n<\/ul>\n<p>&nbsp;<\/p>\n<ul>\n<li><strong> Teatre Coliseum <\/strong>&#8211; Tel\u00e8fon: 93 317 14 48 \/ Direcci\u00f3: Gran via de les Corts Catalanes 595, Barcelona<\/li>\n<\/ul>\n<p>&nbsp;<\/p>\n<ul>\n<li><strong>Teatre Vict\u00f2ria<\/strong> &#8211; Tel\u00e8fon: 93 329 91 89 \/ Direcci\u00f3: Avinguda Paral\u00b7lel 67-69, Barcelona<\/li>\n<\/ul>\n<p>&nbsp;<\/p>\n<ul>\n<li><strong>Teatre T\u00edvoli<\/strong> &#8211; Tel\u00e8fon: 93 412 20 63 \/ Direcci\u00f3: C\/ Casp 8, Barcelona<\/li>\n<\/ul>\n<p>&nbsp;<\/p>\n<ul>\n<li><strong>Teatre Nacional de Catalunya<\/strong> &#8211; Tel\u00e8fon: 93 306 57 00 \/ Direcci\u00f3: Pla\u00e7a de les arts 1, Barcelona Gran<\/li>\n<\/ul>\n<p>&nbsp;<\/p>\n<ul>\n<li><strong>Gran teatre del Liceu<\/strong> &#8211; Tel\u00e8fon: 93 485 99 00 \/ Direcci\u00f3: La rambla 61, Barcelona<\/li>\n<\/ul>\n<p>&nbsp;<\/p>\n<ul>\n<li><strong>Teatre Poliorama<\/strong> &#8211; Tel\u00e8fon: 93 317 75 99 \/ Direcci\u00f3: Rambla dels estudis 115, Barcelona<\/li>\n<\/ul>\n<p>&nbsp;<\/p>\n<ul>\n<li><strong>Teatre Borr\u00e0s<\/strong> &#8211; Tel\u00e8fon: 93 412 45 82 \/ Direcci\u00f3: Pla\u00e7a Urquinaona 9, Barcelona<\/li>\n<\/ul>\n<p>&nbsp;<\/p>\n<ul>\n<li><strong>Teatre Apolo<\/strong> &#8211; Tel\u00e8fon: 93 441 90 07 \/ Direcci\u00f3: Avinguda Paral\u00b7lel 59<\/li>\n<\/ul>\n            <\/div>\n        <\/li>\n                <li class=\"item\">\n            <a href=\"#\">\n                <div class=\"media\" style=\"background-image:url(https:\/\/www.agorabcn.com\/wp-content\/uploads\/2022\/03\/bcn-cine.jpg)\"><\/div>\n                <div class=\"excerpt\">\n                    <h2>Cines<\/h2>\n                    <h3>Et venen de gust unes crispetes i una bona pel\u00b7l\u00edcula?<\/h2>\n                    <span class=\"icon-angle-down icon-angle-up\"><\/span>\n                <\/div>\n            <\/a>\n            <div class=\"text html\">\n                <ul>\n<li><strong>Cinesa Diagonal Mar 3D<\/strong> &#8211; Direcci\u00f3: Avinguda Diagonal, 3<\/li>\n<\/ul>\n<p>&nbsp;<\/p>\n<ul>\n<li><strong>Cinesa Diagonal 3D<\/strong> &#8211; Direcci\u00f3: Carrer de Santa Fe de Nou M\u00e8xic<\/li>\n<\/ul>\n<p>&nbsp;<\/p>\n<ul>\n<li><strong>Cinesa Maremagnum 3D<\/strong> &#8211; Direcci\u00f3: Moll d\u2019Espanya, 5<\/li>\n<\/ul>\n<p>&nbsp;<\/p>\n<ul>\n<li><strong>Sala Gran Sarri\u00e0<\/strong> &#8211; Direcci\u00f3: Ronda de General Mitre, 38-44<\/li>\n<\/ul>\n<p>&nbsp;<\/p>\n<ul>\n<li><strong>Cines Verdi<\/strong> &#8211; Direcci\u00f3: Carrer de Torrijos, 49<\/li>\n<\/ul>\n<p>Pel\u00b7l\u00edcules en Versi\u00f3 Original<\/p>\n<p>&nbsp;<\/p>\n<ul>\n<li><strong>Cinema Bosque<\/strong> &#8211; Direcci\u00f3: Rambla del Prat, 16<\/li>\n<\/ul>\n<p>&nbsp;<\/p>\n<ul>\n<li><strong>Balmes Multicines<\/strong> &#8211; Direcci\u00f3: Carrer de Balmes, 422-424<\/li>\n<\/ul>\n<p>Pel\u00b7l\u00edcules en Versi\u00f3 Original<\/p>\n            <\/div>\n        <\/li>\n                <li class=\"item\">\n            <a href=\"#\">\n                <div class=\"media\" style=\"background-image:url(https:\/\/www.agorabcn.com\/wp-content\/uploads\/2022\/03\/bcn-museo.jpg)\"><\/div>\n                <div class=\"excerpt\">\n                    <h2>Museus<\/h2>\n                    <h3>Art, hist\u00f2ria, ci\u00e8ncia, i molt m\u00e9s. A Barcelona hi ha museus per a tots els gustos<\/h2>\n                    <span class=\"icon-angle-down icon-angle-up\"><\/span>\n                <\/div>\n            <\/a>\n            <div class=\"text html\">\n                <ul>\n<li><strong>MUSEU PICASSO<\/strong> &#8211; Inaugurat l&#8217;any 1963, el museu Picasso fa refer\u00e8ncia a la vida i obra de l&#8217;artista. M\u00e9s de 4.000 obres exposades de forma permanent revelen el seu fort v\u00edncle amb la ciutat comtal.<\/li>\n<\/ul>\n<p>Direcci\u00f3: C\/ Montcada 15-23, Barcelona Tel\u00e8fon: 93 256 30 00<\/p>\n<p>&nbsp;<\/p>\n<ul>\n<li><strong>COSMOCAIXA <\/strong>&#8211; Un museu dedicat a la ci\u00e8ncia, on visitants de totes les edats podran gaudir i interactuar amb les exposicions permanents i temporals que l&#8217;espai ofereix. La m\u00e0gia del planetari digital o les peixeres amb piranyes s\u00f3n nom\u00e9s una petita part de les activitats que ofereix el museu.<\/li>\n<\/ul>\n<p>Direcci\u00f3: C\/Isaac Newton 26, Barcelona Tel\u00e8fon: 93 212 60 50<\/p>\n<p>&nbsp;<\/p>\n<ul>\n<li><strong>MNAC<\/strong> &#8211; Ubicat al Palau Nacional de Montju\u00efc, i constru\u00eft l&#8217;any 1929 per a l&#8217;Exposici\u00f3 Internacional, el Museu Nacional d&#8217;Art de Catalunya presenta diverses obres que us traslladaran des de l&#8217;\u00e8poca rom\u00e0nica fins al modernisme m\u00e9s recent.<\/li>\n<\/ul>\n<p>Direcci\u00f3: Palau Nacional, Parc del Montju\u00efc, Barcelona Tel\u00e9fono: 93 622 03 60<\/p>\n<p>&nbsp;<\/p>\n<ul>\n<li><strong> MACBA<\/strong> &#8211; En ple centre del barri del Raval, i a pocs minuts del CCCB, destaca el Museu d&#8217;Art Contemporani de Barcelona, on podreu disfrutar d&#8217;exposicions permanents i temporals dedicades a obres de diferents artistes realitzades durant la segona meitat del segle XX.<\/li>\n<\/ul>\n<p>Direcci\u00f3: Pla\u00e7a dels \u00c0ngels 1, Barcelona Tel\u00e8fon: 93 481 33 68<\/p>\n<p>&nbsp;<\/p>\n<ul>\n<li><strong>FUNDACI\u00d3 JOAN MIR\u00d3<\/strong> &#8211; Creada pel mateix artista, el museu combina l&#8217;exposici\u00f3 de Joan Mir\u00f3 amb l&#8217;organitzaci\u00f3 d&#8217;exposicions temporals d&#8217;artistes de segles XX i XXI.<\/li>\n<\/ul>\n<p>Direcci\u00f3: Parc de Montju\u00efc, Barcelona<\/p>\n            <\/div>\n        <\/li>\n                <li class=\"item\">\n            <a href=\"#\">\n                <div class=\"media\" style=\"background-image:url(https:\/\/www.agorabcn.com\/wp-content\/uploads\/2022\/03\/bcn-biblioteca.jpg)\"><\/div>\n                <div class=\"excerpt\">\n                    <h2>Biblioteques<\/h2>\n                    <h3>Troba la teva lectura perfecta en alguna de les biblioteques de la ciutat<\/h2>\n                    <span class=\"icon-angle-down icon-angle-up\"><\/span>\n                <\/div>\n            <\/a>\n            <div class=\"text html\">\n                <p><strong>DISTRICTE DE CIUTAT VELLA <\/strong><\/p>\n<ul>\n<li><strong>Biblioteca Barceloneta \u2013 La Fraternitat <\/strong><\/li>\n<\/ul>\n<p>Direcci\u00f3: Compte de Santa Clara, 8-10 &#8211; Tel\u00e8fon: 93 225 35 74<\/p>\n<p>&nbsp;<\/p>\n<ul>\n<li><strong>Biblioteca G\u00f2tic \u2013 Andreu Nin <\/strong><\/li>\n<\/ul>\n<p>Direcci\u00f3: La Rambla, 30-32 &#8211; Tel\u00e8fon: 93 343 73 69<\/p>\n<p>&nbsp;<\/p>\n<ul>\n<li><strong>Biblioteca Francesca Bonnemaison<\/strong><\/li>\n<\/ul>\n<p>Direcci\u00f3: Sant Pere m\u00e9s Baix, 7 &#8211; Tel\u00e8fon: 93 268 73 60<\/p>\n<p>&nbsp;<\/p>\n<ul>\n<li><strong>Biblioteca Sant Pau \u2013 Santa Creu<\/strong><\/li>\n<\/ul>\n<p>Direcci\u00f3: C\/ Carme, 47 &#8211; Tel\u00e8fon: 93 302 07 97<\/p>\n<p>&nbsp;<\/p>\n<p>&nbsp;<\/p>\n<p>&nbsp;<\/p>\n<p><strong>DISTRICTE DE EIXAMPLE <\/strong><\/p>\n<ul>\n<li><strong>Biblioteca Esquerra de l\u2019Eixample \u2013 Agust\u00ed Centelles <\/strong><\/li>\n<\/ul>\n<p>Direcci\u00f3: Comte d\u2019Urgell, 145-147 &#8211; Tel\u00e8fon: 93 453 98 81<\/p>\n<p>&nbsp;<\/p>\n<ul>\n<li><strong>Biblioteca Joan Mir\u00f3 <\/strong><\/li>\n<\/ul>\n<p>Direcci\u00f3: Parc Joan Mir\u00f3 \/ Vilamar\u00ed, 61 &#8211; Tel\u00e8fon: 93 426 35 32<\/p>\n<p>&nbsp;<\/p>\n<ul>\n<li><strong>Biblioteca Sant Antoni \u2013 Joan Oliver<\/strong><\/li>\n<\/ul>\n<p>Direcci\u00f3: Compte Borrell, 44-46 &#8211; Tel\u00e8fon: 93 329 72 16<\/p>\n<p>&nbsp;<\/p>\n<ul>\n<li><strong>Biblioteca Sofia Barat <\/strong><\/li>\n<\/ul>\n<p>Direcci\u00f3: Girona. 64-68 &#8211; Tel\u00e8fon: 93 231 77 67<\/p>\n<p>&nbsp;<\/p>\n<ul>\n<li><b>Biblioteca Sagrada Familia<\/b><\/li>\n<\/ul>\n<p>Direcci\u00f3: Proven\u00e7a 480 &#8211; Tel\u00e8fon: 93 450 87 33<\/p>\n<p>&nbsp;<\/p>\n<ul>\n<li><strong>Biblioteca Fort Pienc <\/strong><\/li>\n<\/ul>\n<p>Direcci\u00f3: Ribes, 12-14 &#8211; Tel\u00e8fon: 93 265 24 35<\/p>\n<p>&nbsp;<\/p>\n<p>&nbsp;<\/p>\n<p>&nbsp;<\/p>\n<p><strong>DISTRICTE DE SANTS \u2013 MONTJU\u00cfC<\/strong><\/p>\n<ul>\n<li><strong>Biblioteca Francesc Candel<\/strong><\/li>\n<\/ul>\n<p>Direcci\u00f3: Amnistia Internacional, 10 &#8211; Tel\u00e8fon: 93 332 53 75<\/p>\n<p>&nbsp;<\/p>\n<ul>\n<li><strong>Biblioteca Vapor Vell <\/strong><\/li>\n<\/ul>\n<p>Direcci\u00f3: Passatge Vapor Vell, s\/n &#8211; Tel\u00e8fon: 93 409 72 31<\/p>\n<p>&nbsp;<\/p>\n<ul>\n<li><strong>Biblioteca Poble Sec \u2013 Francesc Boix<\/strong><\/li>\n<\/ul>\n<p>Direcci\u00f3: Blai, 34 &#8211; Tel\u00e8fon: 93 443 01 05<\/p>\n<p>&nbsp;<\/p>\n<p>&nbsp;<\/p>\n<p>&nbsp;<\/p>\n<p><strong>DISTRICTE DE LES CORTS<\/strong><\/p>\n<ul>\n<li><strong>Biblioteca Can Ros\u00e9s<\/strong><\/li>\n<\/ul>\n<p>Direcci\u00f3: Carrer Deu i Mata, 57 &#8211; Tel\u00e8fon: 93 419 19 29<\/p>\n<p>&nbsp;<\/p>\n<ul>\n<li><strong>Biblioteca Les Corts \u2013 Miquel Llongueras<\/strong><\/li>\n<\/ul>\n<p>Direcci\u00f3: Travessera de les Corts, 58 &#8211; Tel\u00e8fon: 93 449 31 07<\/p>\n<p>&nbsp;<\/p>\n<p>&nbsp;<\/p>\n<p>&nbsp;<\/p>\n<p><strong>DISTRICTE DE SARRI\u00c0 \u2013 SANT GERVASI<\/strong><\/p>\n<ul>\n<li><strong>Biblioteca Clar\u00e0 <\/strong><\/li>\n<\/ul>\n<p>Direcci\u00f3: Dr. Carulla, 22-24 &#8211; Tel\u00e8fon: 93 280 15 47<\/p>\n<p>&nbsp;<\/p>\n<ul>\n<li><strong>Biblioteca Sant Gervasi \u2013 Joan Maragall<\/strong><\/li>\n<\/ul>\n<p>Direcci\u00f3: Sant Gervasi de Cassoles, 85 &#8211; Tel\u00e8fon: 93 417 83 47<\/p>\n<p>&nbsp;<\/p>\n<ul>\n<li><strong>Biblioteca Collserola \u2013 Josep Miracle<\/strong><\/li>\n<\/ul>\n<p>Direcci\u00f3: Reis Cat\u00f2lics, 16-34 &#8211; Tel\u00e8fon: 93 406 91 11<\/p>\n<p>&nbsp;<\/p>\n<p>&nbsp;<\/p>\n<p>&nbsp;<\/p>\n<p><strong>DISTRICTE DE GR\u00c0CIA<\/strong><\/p>\n<ul>\n<li><strong>Biblioteca Jaume Fuster<\/strong><\/li>\n<\/ul>\n<p>Direcci\u00f3: Pla\u00e7a Lesseps, 20-22 &#8211; Tel\u00e8fon: 93 368 45 64<\/p>\n<p>&nbsp;<\/p>\n<ul>\n<li><strong>Biblioteca Vila de Gr\u00e0cia<\/strong><\/li>\n<\/ul>\n<p>Direcci\u00f3: Torrent de l\u2019Olla, 104 &#8211; Tel\u00e8fon: 93 284 77 90<\/p>\n<p>&nbsp;<\/p>\n<ul>\n<li><strong>Biblioteca Vallcarca i els Penitents \u2013 M.Antonieta Clot <\/strong><\/li>\n<\/ul>\n<p>Direcci\u00f3: Pg.Vall d\u2019Hebron, 65-69 &#8211; Tel\u00e8fon: 93 211 23 51<\/p>\n<p>&nbsp;<\/p>\n<p>&nbsp;<\/p>\n<p>&nbsp;<\/p>\n<p><strong>DISTRICTE HORTA-GUINARD\u00d3<\/strong><\/p>\n<ul>\n<li><strong>Biblioteca El Carmel \u2013 Juan Mars\u00e9 <\/strong><\/li>\n<\/ul>\n<p>Direcci\u00f3: Carrer Murtra 135-145 &#8211; Tel\u00e8fon: 93 407 28 70<\/p>\n<p>&nbsp;<\/p>\n<ul>\n<li><strong>Biblioteca Horta-Can Mariner <\/strong><\/li>\n<\/ul>\n<p>Direcci\u00f3: Carrer del Vent, 1 &#8211; Tel\u00e8fon: 93 420 82 85<\/p>\n<p>&nbsp;<\/p>\n<ul>\n<li><strong>Biblioteca Guinard\u00f3 \u2013 Merc\u00e8 Rodoreda <\/strong><\/li>\n<\/ul>\n<p>Direcci\u00f3: Carrer de les Cam\u00e8lies, 76-80 &#8211; Tel\u00e8fon: 93 453 31 70<\/p>\n<p>&nbsp;<\/p>\n<ul>\n<li><strong>Biblioteca Montbau \u2013 Albert P\u00e9rez Bar\u00f3 <\/strong><\/li>\n<\/ul>\n<p>Direcci\u00f3: Carrer Arquitectura, 8 &#8211; Tel\u00e8fon: 93 427 07 47<\/p>\n<p>&nbsp;<\/p>\n<p>&nbsp;<\/p>\n<p>&nbsp;<\/p>\n<p><strong>DISTRICTE DE NOU BARRIS<\/strong><\/p>\n<ul>\n<li><strong>Biblioteca Canyelles<\/strong><\/li>\n<\/ul>\n<p>Direcci\u00f3: Ronda de la Guineueta Vella, 34 &#8211; Tel\u00e8fon: 93 274 94 74<\/p>\n<p>&nbsp;<\/p>\n<ul>\n<li><strong>Biblioteca de Nou Barris <\/strong><\/li>\n<\/ul>\n<p>Direcci\u00f3: Pl. Major de Nou Barris, 2 &#8211; Tel\u00e8fon: 93 291 48 51<\/p>\n<p>&nbsp;<\/p>\n<ul>\n<li><strong>Biblioteca Zona Nord <\/strong><\/li>\n<\/ul>\n<p>Direcci\u00f3: Carrer Vallcivera, 3 bis &#8211; Tel\u00e8fon: 93 535 75 19<\/p>\n<p>&nbsp;<\/p>\n<ul>\n<li><strong>Biblioteca Les Roquetes <\/strong><\/li>\n<\/ul>\n<p>Direcci\u00f3: Via Fav\u00e8ncia, 288 B &#8211; Tel\u00e8fon: 93 276 87 85<\/p>\n<p>&nbsp;<\/p>\n<ul>\n<li><strong>Biblioteca Vilapiscina i la Torre Llobeta <\/strong><\/li>\n<\/ul>\n<p>Direcci\u00f3: Pla\u00e7a de Carmen Laforet, 11 &#8211; Tel\u00e8fon: 93 408 06 67<\/p>\n<p>&nbsp;<\/p>\n<p>&nbsp;<\/p>\n<p>&nbsp;<\/p>\n<p><strong>DISTRICTE DE SANT ANDREU <\/strong><\/p>\n<ul>\n<li><strong>Biblioteca Bon Pastor <\/strong><\/li>\n<\/ul>\n<p>Direcci\u00f3: Carrer Estadella, 62 &#8211; Tel\u00e8fon: 93 498 02 16<\/p>\n<p>&nbsp;<\/p>\n<ul>\n<li><strong>Biblioteca La Sagrera \u2013 Marina Clotet <\/strong><\/li>\n<\/ul>\n<p>Direcci\u00f3: Carrer Camp del Ferro, 1-3 &#8211; Tel\u00e8fon: 93 340 86 75<\/p>\n<p>&nbsp;<\/p>\n<ul>\n<li><strong>Biblioteca Ignasi Igl\u00e9sias \u2013 Can Fabra <\/strong><\/li>\n<\/ul>\n<p>Direcci\u00f3: Carrer Segre, 24-32 &#8211; Tel\u00e8fon: 93 360 05 50<\/p>\n<p>&nbsp;<\/p>\n<ul>\n<li><strong>Biblioteca Trinitat Vella \u2013 Jos\u00e9 Barbero <\/strong><\/li>\n<\/ul>\n<p>Direcci\u00f3: Carrer Gal\u00edcia, 16 &#8211; Tel\u00e8fon: 93 676 29 68<\/p>\n<p>&nbsp;<\/p>\n<p>&nbsp;<\/p>\n<p>&nbsp;<\/p>\n<p><strong>DISTRICTE DE SANT MART\u00cd<\/strong><\/p>\n<ul>\n<li><strong>Biblioteca Camp de l\u2019Arpa \u2013 Caterina Albert <\/strong><\/li>\n<\/ul>\n<p>Direcci\u00f3: Carrer Ind\u00fastria, 295 &#8211; Tel\u00e8fon: 93 450 86 46<\/p>\n<p>&nbsp;<\/p>\n<ul>\n<li><strong>Biblioteca Poblenou \u2013 Manuel Arranz <\/strong><\/li>\n<\/ul>\n<p>Direcci\u00f3: Carrer Joncar, 35 &#8211; Tel\u00e8fon: 93 485 66 22<\/p>\n<p>&nbsp;<\/p>\n<ul>\n<li><strong>Biblioteca Sant Mart\u00ed de Proven\u00e7als <\/strong><\/li>\n<\/ul>\n<p>Direcci\u00f3: Selva de Mar, 215 &#8211; Tel\u00e8fon: 93 256 57 75<\/p>\n<p>&nbsp;<\/p>\n<ul>\n<li><strong>Biblioteca El Clot \u2013 Josep Bonet <\/strong><\/li>\n<\/ul>\n<p>Direcci\u00f3: Pla\u00e7a de les Gl\u00f2ries Catalanes, 37-38 &#8211; Tel\u00e8fon: 93 309 51 99<\/p>\n<p>&nbsp;<\/p>\n<ul>\n<li><strong>Biblioteca Ramon d\u2019Al\u00f2s \u2013 Moner <\/strong><\/li>\n<\/ul>\n<p>Direcci\u00f3: Carrer Prim, 87-89 &#8211; Tel\u00e8fon: 93 256 49 29<\/p>\n<p>&nbsp;<\/p>\n<ul>\n<li><strong>Biblioteca Xavier Benguerel <\/strong><\/li>\n<\/ul>\n<p>Direcci\u00f3: Avinguda del Bogatell, 17 &#8211;\u00a0 Tel\u00e8fon: 93 255 18 64<\/p>\n<p>&nbsp;<\/p>\n<p>&nbsp;<\/p>\n<p>&nbsp;<\/p>\n<p><strong>PER CONSULTAR ELS HORARIS DE LES BIBLIOTEQUES, DIRIGIU-VOS AL SEG\u00dcENT ENLLA\u00c7:<\/strong> https:\/\/ajuntament.barcelona.cat\/biblioteques\/es\/<\/p>\n            <\/div>\n        <\/li>\n                <li class=\"item\">\n            <a href=\"#\">\n                <div class=\"media\" style=\"background-image:url(https:\/\/www.agorabcn.com\/wp-content\/uploads\/2022\/03\/bcn-jardines.jpg)\"><\/div>\n                <div class=\"excerpt\">\n                    <h2>Jardins<\/h2>\n                    <h3>Passeja pels parcs i jardins de Barcelona.<\/h2>\n                    <span class=\"icon-angle-down icon-angle-up\"><\/span>\n                <\/div>\n            <\/a>\n            <div class=\"text html\">\n                <p><strong>LA CIUTAT T\u00c9 DIVERSOS PARCS I JARDINS D&#8217;ESPECIAL INTER\u00c8S A VISITAR:<\/strong><\/p>\n<ul>\n<li><strong>Jard\u00ed del Palau de les Hedres <\/strong><\/li>\n<\/ul>\n<p>Situat a dalt del barri de Montbau i al peu de la serralada de Collserola, trobareu un dels edificis m\u00e9s singulars de Barcelona, el Palau de les Heures, constru\u00eft a finals del segle XIX. Els jardins del Palau us permetran disfrutar d&#8217;una bellesa natural a pocs minuts de la resid\u00e8ncia.<\/p>\n<p>&nbsp;<\/p>\n<p><strong>Direcci\u00f3<\/strong>: Pg Vall de Hebr\u00f3n, 171<\/p>\n<p><strong>Horari<\/strong><\/p>\n<ul>\n<li>Entre el 1 d&#8217;abril i el 30 de setembre, de 10 a 20h.<\/li>\n<li>Entre el 1 d&#8217;octubre i el 30 de mar\u00e7, de 10 a 18h.<\/li>\n<\/ul>\n<p>&nbsp;<\/p>\n<p>&nbsp;<\/p>\n<ul>\n<li><strong>Parc del Laberint d\u2019Horta<\/strong><\/li>\n<\/ul>\n<p>El parc acull el jard\u00ed m\u00e9s antic de la ciutat, nascut portar\u00e0 el segle XVIII amb un estil neocl\u00e0ssic i rom\u00e0ntic. No nom\u00e9s podreu disfrutar de la naturalesa en estat pur a pocs minuts de la resid\u00e8ncia, sin\u00f3 que tamb\u00e9 podreu passar una bona estona intentant resoldre el misteri del laberint\u2026<\/p>\n<p>&nbsp;<\/p>\n<p><strong>Direcci\u00f3:<\/strong> Passeig dels Castanyers 1-17<\/p>\n<p><strong>Horari<\/strong><\/p>\n<ul>\n<li>Gener, febrer, novembre i desembre, de 10 a 18h.<\/li>\n<li>Mar\u00e7 i octubre, de 10 a 19h.<\/li>\n<li>Abril, de 10 a 20h.<\/li>\n<li>De maig a setembre de 10 a 21h.<\/li>\n<\/ul>\n<p>L&#8217;acc\u00e9s al parc \u00e9s pagant, els preus s\u00f3n: 2,23\u20ac Adults \/ 1,42\u20ac Estudiants i menors de 14 anys. Per a menors de 5 anys i jubilats, l&#8217;entrada \u00e9s gratu\u00efta.<\/p>\n<p>&nbsp;<\/p>\n<p>&nbsp;<\/p>\n<ul>\n<li><strong>Parc G\u00fcell <\/strong><\/li>\n<\/ul>\n<p>Projecte dissenyat per l&#8217;arquitecte Antoni Gaud\u00ed, per enc\u00e0rrec d&#8217;Eusebi G\u00fcell a principis del segle XX, inaugurat el 1926. El parc va ser declarat Patrimoni de la Humanitat per la UNESCO l&#8217;any 1984. El parc mostra la plenitud art\u00edstica de Gaud\u00ed, a trav\u00e9s de les formes org\u00e0niques de la naturalesa.<\/p>\n<p>&nbsp;<\/p>\n<p><strong>Direcci\u00f3<\/strong>: Carrer d\u2019Olot s\/n<\/p>\n<p><strong>Horari<\/strong><\/p>\n<ul>\n<li>De l&#8217;1 de gener al 28 de mar\u00e7, i del 25 d&#8217;octubre al 31 de desembre, de 8:30 a 18:15h.<\/li>\n<li>Del 4 de maig al 6 de setembre, de 8 a 21:30h.<\/li>\n<li>Del 29 de mar\u00e7 al 3 de maig, i del 7 de setembre al 24 d&#8217;octubre, de 8 a 20h.<\/li>\n<\/ul>\n<p>L&#8217;entrada al parc t\u00e9 un preu de 8\u20ac a les taquilles, amb descomptes per a nens, persones amb discapacitats i majors de 65 anys. L&#8217;entrada per a menors de 6 anys i per a persones amb la Targeta Rosa \u00e9s gratu\u00efta.<\/p>\n<p>&nbsp;<\/p>\n<p>&nbsp;<\/p>\n<ul>\n<li><strong> Parc de la Ciutadella <\/strong><\/li>\n<\/ul>\n<p>En ple centre de la ciutat, i a tocar del Zoo de Barcelona, destaca el parc de la Ciutadella, una obra hist\u00f2rica de la capital, vinculada amb la Guerra de Successi\u00f3 i on t\u00e9 seu el Parlament de Catalunya. El parc ofereix als seus visitants l&#8217;oportunitat de disfrutar des d&#8217;un agradable passeig a peu o en bicicleta, fins a la possibilitat de fer un tranquil recorregut en barqueta de rems.<\/p>\n<p>&nbsp;<\/p>\n<p><strong>Direcci\u00f3<\/strong>: Passeig Picasso, 1<\/p>\n<p><strong>Horari<\/strong><\/p>\n<p>Des de les 10:00h fins al capvespre<\/p>\n<p>&nbsp;<\/p>\n<p>&nbsp;<\/p>\n<ul>\n<li><strong> Parc de l\u2019Oreneta <\/strong><\/li>\n<\/ul>\n<p>El parc de l&#8217;Oreneta es troba al barri de Sarri\u00e0, i des de 1978 ha atret a petits i grans per la possibilitat que aquest brinda de disfrutar de la naturalesa en ple centre de la ciutat. El parc es troba a tocar de la Serra de Collserola, la qual fa que les vistes siguin espectaculars. Un lloc interessant on passar una estona tranquil rodejat de vegetaci\u00f3.<\/p>\n<p>&nbsp;<\/p>\n<p><strong>Direcci\u00f3<\/strong>: Carrer de Montevideo, 45<\/p>\n<p><strong>Horari<\/strong><\/p>\n<ul>\n<li>Desembre, gener i febrer de 10 a 18h.<\/li>\n<li>Mar\u00e7 i novembre de 10 a 19h.<\/li>\n<li>Abril i octubre de 10 a 20h.<\/li>\n<li>De maig a setembre de 10 a 21h<\/li>\n<\/ul>\n            <\/div>\n        <\/li>\n            <\/ul>\n<\/div><\/div><\/div>\n\n\n\n<p><\/p>\n","protected":false},"excerpt":{"rendered":"<p>Que fer quan no est\u00e0s estudiant?<\/p>\n","protected":false},"author":1,"featured_media":0,"parent":0,"menu_order":0,"comment_status":"closed","ping_status":"closed","template":"","meta":{"_acf_changed":false,"footnotes":""},"class_list":["post-688","page","type-page","status-publish","hentry"],"acf":[],"yoast_head":"<!-- This site is optimized with the Yoast SEO plugin v27.5 - https:\/\/yoast.com\/product\/yoast-seo-wordpress\/ -->\n<title>Viure a Barcelona - \u00c0gora Bcn<\/title>\n<meta name=\"description\" content=\"Barcelona \u00e9s una ciutat cosmopolita, segura i oberta, que ofereix un gran servei cultural, gastron\u00f2mic i comercial.\" \/>\n<meta name=\"robots\" content=\"index, follow, max-snippet:-1, max-image-preview:large, max-video-preview:-1\" \/>\n<link rel=\"canonical\" href=\"https:\/\/www.agorabcn.com\/ca\/viure-a-barcelona\/\" \/>\n<meta property=\"og:locale\" content=\"ca_ES\" \/>\n<meta property=\"og:type\" content=\"article\" \/>\n<meta property=\"og:title\" content=\"Viure a Barcelona - \u00c0gora Bcn\" \/>\n<meta property=\"og:description\" content=\"Barcelona \u00e9s una ciutat cosmopolita, segura i oberta, que ofereix un gran servei cultural, gastron\u00f2mic i comercial.\" \/>\n<meta property=\"og:url\" content=\"https:\/\/www.agorabcn.com\/ca\/viure-a-barcelona\/\" \/>\n<meta property=\"og:site_name\" content=\"\u00c0gora Bcn\" \/>\n<meta property=\"article:modified_time\" content=\"2022-04-01T09:52:05+00:00\" \/>\n<meta property=\"og:image\" content=\"http:\/\/13.36.145.80\/wp-content\/uploads\/2022\/03\/header-bcn.jpg\" \/>\n<meta name=\"twitter:card\" content=\"summary_large_image\" \/>\n<meta name=\"twitter:label1\" content=\"Temps estimat de lectura\" \/>\n\t<meta name=\"twitter:data1\" content=\"1 minut\" \/>\n<script type=\"application\/ld+json\" class=\"yoast-schema-graph\">{\"@context\":\"https:\\\/\\\/schema.org\",\"@graph\":[{\"@type\":\"WebPage\",\"@id\":\"https:\\\/\\\/www.agorabcn.com\\\/ca\\\/viure-a-barcelona\\\/\",\"url\":\"https:\\\/\\\/www.agorabcn.com\\\/ca\\\/viure-a-barcelona\\\/\",\"name\":\"Viure a Barcelona - \u00c0gora Bcn\",\"isPartOf\":{\"@id\":\"https:\\\/\\\/www.agorabcn.com\\\/ca\\\/#website\"},\"primaryImageOfPage\":{\"@id\":\"https:\\\/\\\/www.agorabcn.com\\\/ca\\\/viure-a-barcelona\\\/#primaryimage\"},\"image\":{\"@id\":\"https:\\\/\\\/www.agorabcn.com\\\/ca\\\/viure-a-barcelona\\\/#primaryimage\"},\"thumbnailUrl\":\"http:\\\/\\\/13.36.145.80\\\/wp-content\\\/uploads\\\/2022\\\/03\\\/header-bcn.jpg\",\"datePublished\":\"2022-02-23T01:25:09+00:00\",\"dateModified\":\"2022-04-01T09:52:05+00:00\",\"description\":\"Barcelona \u00e9s una ciutat cosmopolita, segura i oberta, que ofereix un gran servei cultural, gastron\u00f2mic i comercial.\",\"breadcrumb\":{\"@id\":\"https:\\\/\\\/www.agorabcn.com\\\/ca\\\/viure-a-barcelona\\\/#breadcrumb\"},\"inLanguage\":\"ca\",\"potentialAction\":[{\"@type\":\"ReadAction\",\"target\":[\"https:\\\/\\\/www.agorabcn.com\\\/ca\\\/viure-a-barcelona\\\/\"]}]},{\"@type\":\"ImageObject\",\"inLanguage\":\"ca\",\"@id\":\"https:\\\/\\\/www.agorabcn.com\\\/ca\\\/viure-a-barcelona\\\/#primaryimage\",\"url\":\"http:\\\/\\\/13.36.145.80\\\/wp-content\\\/uploads\\\/2022\\\/03\\\/header-bcn.jpg\",\"contentUrl\":\"http:\\\/\\\/13.36.145.80\\\/wp-content\\\/uploads\\\/2022\\\/03\\\/header-bcn.jpg\"},{\"@type\":\"BreadcrumbList\",\"@id\":\"https:\\\/\\\/www.agorabcn.com\\\/ca\\\/viure-a-barcelona\\\/#breadcrumb\",\"itemListElement\":[{\"@type\":\"ListItem\",\"position\":1,\"name\":\"Portada\",\"item\":\"https:\\\/\\\/www.agorabcn.com\\\/ca\\\/\"},{\"@type\":\"ListItem\",\"position\":2,\"name\":\"Viure a Barcelona\"}]},{\"@type\":\"WebSite\",\"@id\":\"https:\\\/\\\/www.agorabcn.com\\\/ca\\\/#website\",\"url\":\"https:\\\/\\\/www.agorabcn.com\\\/ca\\\/\",\"name\":\"\u00c0gora Bcn\",\"description\":\"Residencia universitaria internacional en Barcelona\",\"potentialAction\":[{\"@type\":\"SearchAction\",\"target\":{\"@type\":\"EntryPoint\",\"urlTemplate\":\"https:\\\/\\\/www.agorabcn.com\\\/ca\\\/?s={search_term_string}\"},\"query-input\":{\"@type\":\"PropertyValueSpecification\",\"valueRequired\":true,\"valueName\":\"search_term_string\"}}],\"inLanguage\":\"ca\"}]}<\/script>\n<!-- \/ Yoast SEO plugin. -->","yoast_head_json":{"title":"Viure a Barcelona - \u00c0gora Bcn","description":"Barcelona \u00e9s una ciutat cosmopolita, segura i oberta, que ofereix un gran servei cultural, gastron\u00f2mic i comercial.","robots":{"index":"index","follow":"follow","max-snippet":"max-snippet:-1","max-image-preview":"max-image-preview:large","max-video-preview":"max-video-preview:-1"},"canonical":"https:\/\/www.agorabcn.com\/ca\/viure-a-barcelona\/","og_locale":"ca_ES","og_type":"article","og_title":"Viure a Barcelona - \u00c0gora Bcn","og_description":"Barcelona \u00e9s una ciutat cosmopolita, segura i oberta, que ofereix un gran servei cultural, gastron\u00f2mic i comercial.","og_url":"https:\/\/www.agorabcn.com\/ca\/viure-a-barcelona\/","og_site_name":"\u00c0gora Bcn","article_modified_time":"2022-04-01T09:52:05+00:00","og_image":[{"url":"http:\/\/13.36.145.80\/wp-content\/uploads\/2022\/03\/header-bcn.jpg","type":"","width":"","height":""}],"twitter_card":"summary_large_image","twitter_misc":{"Temps estimat de lectura":"1 minut"},"schema":{"@context":"https:\/\/schema.org","@graph":[{"@type":"WebPage","@id":"https:\/\/www.agorabcn.com\/ca\/viure-a-barcelona\/","url":"https:\/\/www.agorabcn.com\/ca\/viure-a-barcelona\/","name":"Viure a Barcelona - \u00c0gora Bcn","isPartOf":{"@id":"https:\/\/www.agorabcn.com\/ca\/#website"},"primaryImageOfPage":{"@id":"https:\/\/www.agorabcn.com\/ca\/viure-a-barcelona\/#primaryimage"},"image":{"@id":"https:\/\/www.agorabcn.com\/ca\/viure-a-barcelona\/#primaryimage"},"thumbnailUrl":"http:\/\/13.36.145.80\/wp-content\/uploads\/2022\/03\/header-bcn.jpg","datePublished":"2022-02-23T01:25:09+00:00","dateModified":"2022-04-01T09:52:05+00:00","description":"Barcelona \u00e9s una ciutat cosmopolita, segura i oberta, que ofereix un gran servei cultural, gastron\u00f2mic i comercial.","breadcrumb":{"@id":"https:\/\/www.agorabcn.com\/ca\/viure-a-barcelona\/#breadcrumb"},"inLanguage":"ca","potentialAction":[{"@type":"ReadAction","target":["https:\/\/www.agorabcn.com\/ca\/viure-a-barcelona\/"]}]},{"@type":"ImageObject","inLanguage":"ca","@id":"https:\/\/www.agorabcn.com\/ca\/viure-a-barcelona\/#primaryimage","url":"http:\/\/13.36.145.80\/wp-content\/uploads\/2022\/03\/header-bcn.jpg","contentUrl":"http:\/\/13.36.145.80\/wp-content\/uploads\/2022\/03\/header-bcn.jpg"},{"@type":"BreadcrumbList","@id":"https:\/\/www.agorabcn.com\/ca\/viure-a-barcelona\/#breadcrumb","itemListElement":[{"@type":"ListItem","position":1,"name":"Portada","item":"https:\/\/www.agorabcn.com\/ca\/"},{"@type":"ListItem","position":2,"name":"Viure a Barcelona"}]},{"@type":"WebSite","@id":"https:\/\/www.agorabcn.com\/ca\/#website","url":"https:\/\/www.agorabcn.com\/ca\/","name":"\u00c0gora Bcn","description":"Residencia universitaria internacional en Barcelona","potentialAction":[{"@type":"SearchAction","target":{"@type":"EntryPoint","urlTemplate":"https:\/\/www.agorabcn.com\/ca\/?s={search_term_string}"},"query-input":{"@type":"PropertyValueSpecification","valueRequired":true,"valueName":"search_term_string"}}],"inLanguage":"ca"}]}},"_links":{"self":[{"href":"https:\/\/www.agorabcn.com\/ca\/wp-json\/wp\/v2\/pages\/688","targetHints":{"allow":["GET"]}}],"collection":[{"href":"https:\/\/www.agorabcn.com\/ca\/wp-json\/wp\/v2\/pages"}],"about":[{"href":"https:\/\/www.agorabcn.com\/ca\/wp-json\/wp\/v2\/types\/page"}],"author":[{"embeddable":true,"href":"https:\/\/www.agorabcn.com\/ca\/wp-json\/wp\/v2\/users\/1"}],"replies":[{"embeddable":true,"href":"https:\/\/www.agorabcn.com\/ca\/wp-json\/wp\/v2\/comments?post=688"}],"version-history":[{"count":5,"href":"https:\/\/www.agorabcn.com\/ca\/wp-json\/wp\/v2\/pages\/688\/revisions"}],"predecessor-version":[{"id":1359,"href":"https:\/\/www.agorabcn.com\/ca\/wp-json\/wp\/v2\/pages\/688\/revisions\/1359"}],"wp:attachment":[{"href":"https:\/\/www.agorabcn.com\/ca\/wp-json\/wp\/v2\/media?parent=688"}],"curies":[{"name":"wp","href":"https:\/\/api.w.org\/{rel}","templated":true}]}}