{"id":685,"date":"2022-02-14T09:31:13","date_gmt":"2022-02-14T09:31:13","guid":{"rendered":"http:\/\/13.36.145.80\/index.php\/preguntas-frecuentes\/"},"modified":"2022-04-07T08:33:16","modified_gmt":"2022-04-07T08:33:16","slug":"preguntes-frecuents","status":"publish","type":"page","link":"https:\/\/www.agorabcn.com\/ca\/preguntes-frecuents\/","title":{"rendered":"Preguntes freq\u00fcents"},"content":{"rendered":"\n<h1 class=\"wrapper padding has-text-color has-x-large-font-size\" style=\"color:#fd773e;font-style:normal;font-weight:700; font-family:'Archivo',sans-serif;\"><strong><br>Preguntes freq\u00fcents<\/strong><\/h1>\n\n\n\n<div class=\"wp-block-group wrapper padding faqs\"><div class=\"wp-block-group__inner-container is-layout-flow wp-block-group-is-layout-flow\"><div id=\"block-agora-faqblock_621587fbb4c88\" class=\" wp-block-group block-agora-faq \">\n        <h2>Busco una resid\u00e8ncia universit\u00e0ria<\/h2>\n        <ul class=\"preguntas\">\n                <li class=\"pregunta\">\n            <a name=\"puc-residir-a-agora-i-estar-matriculat-a-qualsevol-universitat\"><\/a>\n            <div class=\"texto-pregunta\">\n                <a href=\"#\">\n                    Puc residir a \u00c0gora i estar matriculat a qualsevol universitat?                    <span class=\"icon-angle-down\"><\/span>\n                <\/a>\n            <\/div>\n            <div class=\"respuesta html\">\n                <p>S\u00ed, pots estudiar a qualsevol universitat i residir a \u00c0gora.<\/p>\n            <\/div>\n        <\/li>\n                <li class=\"pregunta\">\n            <a name=\"haig-de-residir-a-agora-el-curs-complet\"><\/a>\n            <div class=\"texto-pregunta\">\n                <a href=\"#\">\n                    Haig de residir a \u00c0gora el curs complet?                    <span class=\"icon-angle-down\"><\/span>\n                <\/a>\n            <\/div>\n            <div class=\"respuesta html\">\n                <p>No. Pots residir el curs complet o seleccionar nom\u00e9s els mesos o setmanes que desitgis.<\/p>\n            <\/div>\n        <\/li>\n                <li class=\"pregunta\">\n            <a name=\"on-esta-la-residencia-agora\"><\/a>\n            <div class=\"texto-pregunta\">\n                <a href=\"#\">\n                    On est\u00e0 la resid\u00e8ncia \u00c0gora?                    <span class=\"icon-angle-down\"><\/span>\n                <\/a>\n            <\/div>\n            <div class=\"respuesta html\">\n                <p>A la zona d&#8217;Horta. Concretament al Passeig dels Castanyers, 21 08035 Barcelona<\/p>\n            <\/div>\n        <\/li>\n            <\/ul>\n<\/div>\n\n<div id=\"block-agora-faqblock_621588bff8f5c\" class=\" wp-block-group block-agora-faq \">\n        <h2>Em quedo amb \u00c0gora, quin \u00e9s el proc\u00e9s de matriculaci\u00f3?<\/h2>\n        <ul class=\"preguntas\">\n                <li class=\"pregunta\">\n            <a name=\"un-cop-hagis-enviat-el-formulari-de-preinscripcio-que-haig-de-fer\"><\/a>\n            <div class=\"texto-pregunta\">\n                <a href=\"#\">\n                    Un cop hagis enviat el formulari de preinscripci\u00f3, qu\u00e8 haig de fer?                     <span class=\"icon-angle-down\"><\/span>\n                <\/a>\n            <\/div>\n            <div class=\"respuesta html\">\n                <p>Quan rebem la teva sol\u00b7licitud de pla\u00e7a, t&#8217;enviarem un correu electr\u00f2nic per informar-te del seg\u00fcent pas que has de realitzar: el pagament de l&#8217;import de la preinscripci\u00f3 (250 \u20ac, IVA incl\u00f2s). En el moment que efectu\u00efs el pagament de la matr\u00edcula, la pla\u00e7a ser\u00e0 teva. Si tens algun dubte sempre ens pots trucar.<\/p>\n            <\/div>\n        <\/li>\n                <li class=\"pregunta\">\n            <a name=\"un-cop-matriculat-quan-puc-entrar-a-residir-a-agora-bcn\"><\/a>\n            <div class=\"texto-pregunta\">\n                <a href=\"#\">\n                    Un cop matriculat, quan puc entrar a residir a \u00c0gora BCN?                     <span class=\"icon-angle-down\"><\/span>\n                <\/a>\n            <\/div>\n            <div class=\"respuesta html\">\n                <p>Tots els residents de curs complet poden entrar a \u00c0gora BCN a partir de l&#8217;1 de setembre. El dia d&#8217;arribada s&#8217;informar\u00e0 els residents de tot el necessari per viure a la resid\u00e8ncia (horaris, n\u00ba habitaci\u00f3, codi intern, activitats, reunions, etc.), t&#8217;esperem!<\/p>\n            <\/div>\n        <\/li>\n                <li class=\"pregunta\">\n            <a name=\"que-es-el-diposit-de-garantia-fianca\"><\/a>\n            <div class=\"texto-pregunta\">\n                <a href=\"#\">\n                    Qu\u00e8 \u00e9s el dip\u00f2sit de garantia (fian\u00e7a)?                     <span class=\"icon-angle-down\"><\/span>\n                <\/a>\n            <\/div>\n            <div class=\"respuesta html\">\n                <p>Aquest import t\u00e9 afectes de fian\u00e7a, per cobrir possibles desperfectes ocasionats i baixes. Quan acabi el curs, en abs\u00e8ncia de danys imputables al resident i havent complert amb el contracte firmat, aquest dip\u00f2sit es retornar\u00e0.<\/p>\n            <\/div>\n        <\/li>\n                <li class=\"pregunta\">\n            <a name=\"quan-es-retorna-el-diposit-de-garantia-fianca\"><\/a>\n            <div class=\"texto-pregunta\">\n                <a href=\"#\">\n                    Quan es retorna el dip\u00f2sit de garantia (fian\u00e7a)?                    <span class=\"icon-angle-down\"><\/span>\n                <\/a>\n            <\/div>\n            <div class=\"respuesta html\">\n                <p>Quan finalitzi el curs, en abs\u00e8ncia de danys imputables al resident i una vegada complet el contracte firmat, aquest dip\u00f2sit es retornar\u00e0.<\/p>\n            <\/div>\n        <\/li>\n            <\/ul>\n<\/div>\n\n<div id=\"block-agora-faqblock_621588ccf8f5d\" class=\" wp-block-group block-agora-faq \">\n        <h2>On menjar, netejar i eixugar la roba i altres dubtes pr\u00e0ctics <\/h2>\n        <ul class=\"preguntas\">\n                <li class=\"pregunta\">\n            <a name=\"on-podre-menjar\"><\/a>\n            <div class=\"texto-pregunta\">\n                <a href=\"#\">\n                    On podr\u00e9 menjar?                    <span class=\"icon-angle-down\"><\/span>\n                <\/a>\n            <\/div>\n            <div class=\"respuesta html\">\n                <p>Disposem de menjador propi amb servei de cuina diari. Pots escollir diferents pensions en funci\u00f3 dels dies de la setmana que passar\u00e0s a \u00c0gora.<\/p>\n            <\/div>\n        <\/li>\n                <li class=\"pregunta\">\n            <a name=\"on-podre-netejar-la-meva-roba\"><\/a>\n            <div class=\"texto-pregunta\">\n                <a href=\"#\">\n                    On podr\u00e9 netejar la meva roba?                    <span class=\"icon-angle-down\"><\/span>\n                <\/a>\n            <\/div>\n            <div class=\"respuesta html\">\n                <p>S\u00ed, a \u00c0gora comptem amb una sala de bugaderia a la vostra disposici\u00f3.<\/p>\n            <\/div>\n        <\/li>\n                <li class=\"pregunta\">\n            <a name=\"com-es-el-menjar-del-menjador\"><\/a>\n            <div class=\"texto-pregunta\">\n                <a href=\"#\">\n                    Com \u00e9s el menjar del menjador?                    <span class=\"icon-angle-down\"><\/span>\n                <\/a>\n            <\/div>\n            <div class=\"respuesta html\">\n                <p>Cuinem amb productes saludables, frescos i de mercat. El servei \u00e9s tipus bufet.<\/p>\n            <\/div>\n        <\/li>\n                <li class=\"pregunta\">\n            <a name=\"hi-ha-opcions-vegetarianes-en-tots-els-apats\"><\/a>\n            <div class=\"texto-pregunta\">\n                <a href=\"#\">\n                    Hi ha opcions vegetarianes en tots els \u00e0pats?                    <span class=\"icon-angle-down\"><\/span>\n                <\/a>\n            <\/div>\n            <div class=\"respuesta html\">\n                <p>S\u00ed, disposem d&#8217;opcions vegetarianes en tots els \u00e0pats.<\/p>\n            <\/div>\n        <\/li>\n                <li class=\"pregunta\">\n            <a name=\"puc-rebre-paquets-a-la-residencia\"><\/a>\n            <div class=\"texto-pregunta\">\n                <a href=\"#\">\n                    Puc rebre paquets a la resid\u00e8ncia?                    <span class=\"icon-angle-down\"><\/span>\n                <\/a>\n            <\/div>\n            <div class=\"respuesta html\">\n                <p>S\u00ed, la nostra recepci\u00f3 oberta 24h s&#8217;encarregar\u00e0 de recollir els teus paquets.<\/p>\n            <\/div>\n        <\/li>\n                <li class=\"pregunta\">\n            <a name=\"quines-parades-de-metro-hi-ha-a-prop-de-la-residencia\"><\/a>\n            <div class=\"texto-pregunta\">\n                <a href=\"#\">\n                    Quines parades de metro hi ha a prop de la resid\u00e8ncia?                    <span class=\"icon-angle-down\"><\/span>\n                <\/a>\n            <\/div>\n            <div class=\"respuesta html\">\n                <p>Prop d&#8217;\u00c0gora trobar\u00e0s la parada de Metro Mundet i la parada Valldaura (l\u00ednia L3) que et connecten amb tota la ciutat.<\/p>\n            <\/div>\n        <\/li>\n                <li class=\"pregunta\">\n            <a name=\"el-preu-de-les-habitacions-inclou-la-neteja\"><\/a>\n            <div class=\"texto-pregunta\">\n                <a href=\"#\">\n                    El preu de les habitacions inclou la neteja?                    <span class=\"icon-angle-down\"><\/span>\n                <\/a>\n            <\/div>\n            <div class=\"respuesta html\">\n                <p>S\u00ed, el preu inclou neteja setmanal.<\/p>\n            <\/div>\n        <\/li>\n                <li class=\"pregunta\">\n            <a name=\"el-wifi-esta-inclos\"><\/a>\n            <div class=\"texto-pregunta\">\n                <a href=\"#\">\n                    El WiFi est\u00e0 incl\u00f2s?                    <span class=\"icon-angle-down\"><\/span>\n                <\/a>\n            <\/div>\n            <div class=\"respuesta html\">\n                <p>S\u00ed, est\u00e0 incl\u00f2s en el preu de l&#8217;habitaci\u00f3.<\/p>\n            <\/div>\n        <\/li>\n            <\/ul>\n<\/div>\n\n<div id=\"block-agora-faqblock_6229eacced495\" class=\" wp-block-group block-agora-faq \">\n        <h2>Busquem allotjament per a grups<\/h2>\n        <ul class=\"preguntas\">\n                <li class=\"pregunta\">\n            <a name=\"hi-ha-un-maxim-de-persones-per-grup\"><\/a>\n            <div class=\"texto-pregunta\">\n                <a href=\"#\">\n                    Hi ha un m\u00e0xim de persones per grup?                    <span class=\"icon-angle-down\"><\/span>\n                <\/a>\n            <\/div>\n            <div class=\"respuesta html\">\n                <p>Considerem un grup a partir de 20 persones.<\/p>\n            <\/div>\n        <\/li>\n                <li class=\"pregunta\">\n            <a name=\"amb-quanta-antelacio-sha-de-reservar\"><\/a>\n            <div class=\"texto-pregunta\">\n                <a href=\"#\">\n                    Amb quanta antelaci\u00f3 s&#8217;ha de reservar?                    <span class=\"icon-angle-down\"><\/span>\n                <\/a>\n            <\/div>\n            <div class=\"respuesta html\">\n                <p>La que tu necessitis, sempre que tinguem places.<\/p>\n            <\/div>\n        <\/li>\n                <li class=\"pregunta\">\n            <a name=\"hi-ha-descomptes-per-reservar-per-grups\"><\/a>\n            <div class=\"texto-pregunta\">\n                <a href=\"#\">\n                    Hi ha descomptes per reservar per grups?                    <span class=\"icon-angle-down\"><\/span>\n                <\/a>\n            <\/div>\n            <div class=\"respuesta html\">\n                <p>Tenim tarifes especials, no dubtis en preguntar-nos<\/p>\n            <\/div>\n        <\/li>\n            <\/ul>\n<\/div>\n\n<div id=\"block-agora-faqblock_6229eb55ed496\" class=\" wp-block-group block-agora-faq \">\n        <h2>Viure a Barcelona<\/h2>\n        <ul class=\"preguntas\">\n                <li class=\"pregunta\">\n            <a name=\"quant-es-gasta-en-transport-public\"><\/a>\n            <div class=\"texto-pregunta\">\n                <a href=\"#\">\n                    Quant es gasta en transport p\u00fablic?                    <span class=\"icon-angle-down\"><\/span>\n                <\/a>\n            <\/div>\n            <div class=\"respuesta html\">\n                <p>Barcelona disposa de bons transports per a joves. A \u00c0gora a m\u00e9s, regalem als nostres residents una targeta de transport v\u00e0lida per 3 meses.<\/p>\n            <\/div>\n        <\/li>\n                <li class=\"pregunta\">\n            <a name=\"quin-es-el-preu-mitja-per-dinar-o-sopar-fora-de-la-ciutat\"><\/a>\n            <div class=\"texto-pregunta\">\n                <a href=\"#\">\n                    Quin \u00e9s el preu mitj\u00e0 per dinar o sopar fora de la ciutat?                     <span class=\"icon-angle-down\"><\/span>\n                <\/a>\n            <\/div>\n            <div class=\"respuesta html\">\n                <p>A Barcelona pots trobar tota mena de restaurants: menjar local i internacional, luxosos, assequibles, vegans, sense gluten&#8230; Tot dependr\u00e0 del que et vingui de gust, hi ha opcions per a tots els gustos i butxaques.<\/p>\n            <\/div>\n        <\/li>\n                <li class=\"pregunta\">\n            <a name=\"es-una-ciutat-segura\"><\/a>\n            <div class=\"texto-pregunta\">\n                <a href=\"#\">\n                    \u00c9s una ciutat segura?                    <span class=\"icon-angle-down\"><\/span>\n                <\/a>\n            <\/div>\n            <div class=\"respuesta html\">\n                <p>Barcelona \u00e9s una de les ciutats preferides per estudiants de tot el m\u00f3n i un dels motius \u00e9s la seva seguretat. A m\u00e9s, a la nostra resid\u00e8ncia disposem de servei de vigil\u00e0ncia per un extra de tranquil\u00b7litat.<\/p>\n            <\/div>\n        <\/li>\n                <li class=\"pregunta\">\n            <a name=\"amb-quins-transports-em-puc-desplacar-per-la-ciutat-si-no-disposo-de-vehicle-propi\"><\/a>\n            <div class=\"texto-pregunta\">\n                <a href=\"#\">\n                    Amb quins transports em puc despla\u00e7ar per la ciutat si no disposo de vehicle propi?                    <span class=\"icon-angle-down\"><\/span>\n                <\/a>\n            <\/div>\n            <div class=\"respuesta html\">\n                <p>Barcelona compta amb trens, Metro, tramvia, autob\u00fas, ferrocarril, taxis i Bicing. Tamb\u00e9 pots trobar empreses de r\u00e8nting de patinets i scooters.<\/p>\n            <\/div>\n        <\/li>\n                <li class=\"pregunta\">\n            <a name=\"com-puc-arribar-a-agora-des-de-la-meva-ciutat\"><\/a>\n            <div class=\"texto-pregunta\">\n                <a href=\"#\">\n                    Com puc arribar a \u00c0gora des de la meva ciutat?                    <span class=\"icon-angle-down\"><\/span>\n                <\/a>\n            <\/div>\n            <div class=\"respuesta html\">\n                <p>La nostra resid\u00e8ncia universit\u00e0ria est\u00e0 a nom\u00e9s 21 minuts de l&#8217;Aeroport del Prat. La nostra ubicaci\u00f3 dins del Campus CETT \u00e9s privilegiada: estem rodejats de jardins i naturalesa per\u00f2 a nom\u00e9s 15 minuts del centre de Barcelona. Si et desplaces en Metro baixa a la parada Mundet, la resid\u00e8ncia \u00c0gora est\u00e0 a nom\u00e9s 5 minuts caminant. Tamb\u00e9 pots arribar en autob\u00fas urb\u00e0, en taxi i en cotxe particular -hi ha molts p\u00e0rquings a m\u00e0-.<\/p>\n            <\/div>\n        <\/li>\n            <\/ul>\n<\/div><\/div><\/div>\n\n\n\n<p><\/p>\n","protected":false},"excerpt":{"rendered":"<p>Preguntes freq\u00fcents<\/p>\n","protected":false},"author":1,"featured_media":0,"parent":0,"menu_order":0,"comment_status":"closed","ping_status":"closed","template":"","meta":{"_acf_changed":false,"footnotes":""},"class_list":["post-685","page","type-page","status-publish","hentry"],"acf":[],"yoast_head":"<!-- This site is optimized with the Yoast SEO plugin v27.5 - https:\/\/yoast.com\/product\/yoast-seo-wordpress\/ -->\n<title>Preguntes freq\u00fcents - \u00c0gora Bcn<\/title>\n<meta name=\"description\" content=\"Resol aqu\u00ed els dubtes m\u00e9s freq\u00fcents sobre la nostra resid\u00e8ncia universit\u00e0ria internacional a Barcelona. Temps d&#039;estada, allotjaments, ...\" \/>\n<meta name=\"robots\" content=\"index, follow, max-snippet:-1, max-image-preview:large, max-video-preview:-1\" \/>\n<link rel=\"canonical\" href=\"https:\/\/www.agorabcn.com\/ca\/preguntes-frecuents\/\" \/>\n<meta property=\"og:locale\" content=\"ca_ES\" \/>\n<meta property=\"og:type\" content=\"article\" \/>\n<meta property=\"og:title\" content=\"Preguntes freq\u00fcents - \u00c0gora Bcn\" \/>\n<meta property=\"og:description\" content=\"Resol aqu\u00ed els dubtes m\u00e9s freq\u00fcents sobre la nostra resid\u00e8ncia universit\u00e0ria internacional a Barcelona. Temps d&#039;estada, allotjaments, ...\" \/>\n<meta property=\"og:url\" content=\"https:\/\/www.agorabcn.com\/ca\/preguntes-frecuents\/\" \/>\n<meta property=\"og:site_name\" content=\"\u00c0gora Bcn\" \/>\n<meta property=\"article:modified_time\" content=\"2022-04-07T08:33:16+00:00\" \/>\n<meta name=\"twitter:card\" content=\"summary_large_image\" \/>\n<meta name=\"twitter:label1\" content=\"Temps estimat de lectura\" \/>\n\t<meta name=\"twitter:data1\" content=\"1 minut\" \/>\n<script type=\"application\/ld+json\" class=\"yoast-schema-graph\">{\"@context\":\"https:\\\/\\\/schema.org\",\"@graph\":[{\"@type\":\"WebPage\",\"@id\":\"https:\\\/\\\/www.agorabcn.com\\\/ca\\\/preguntes-frecuents\\\/\",\"url\":\"https:\\\/\\\/www.agorabcn.com\\\/ca\\\/preguntes-frecuents\\\/\",\"name\":\"Preguntes freq\u00fcents - \u00c0gora Bcn\",\"isPartOf\":{\"@id\":\"https:\\\/\\\/www.agorabcn.com\\\/ca\\\/#website\"},\"datePublished\":\"2022-02-14T09:31:13+00:00\",\"dateModified\":\"2022-04-07T08:33:16+00:00\",\"description\":\"Resol aqu\u00ed els dubtes m\u00e9s freq\u00fcents sobre la nostra resid\u00e8ncia universit\u00e0ria internacional a Barcelona. Temps d'estada, allotjaments, ...\",\"breadcrumb\":{\"@id\":\"https:\\\/\\\/www.agorabcn.com\\\/ca\\\/preguntes-frecuents\\\/#breadcrumb\"},\"inLanguage\":\"ca\",\"potentialAction\":[{\"@type\":\"ReadAction\",\"target\":[\"https:\\\/\\\/www.agorabcn.com\\\/ca\\\/preguntes-frecuents\\\/\"]}]},{\"@type\":\"BreadcrumbList\",\"@id\":\"https:\\\/\\\/www.agorabcn.com\\\/ca\\\/preguntes-frecuents\\\/#breadcrumb\",\"itemListElement\":[{\"@type\":\"ListItem\",\"position\":1,\"name\":\"Portada\",\"item\":\"https:\\\/\\\/www.agorabcn.com\\\/ca\\\/\"},{\"@type\":\"ListItem\",\"position\":2,\"name\":\"Preguntes freq\u00fcents\"}]},{\"@type\":\"WebSite\",\"@id\":\"https:\\\/\\\/www.agorabcn.com\\\/ca\\\/#website\",\"url\":\"https:\\\/\\\/www.agorabcn.com\\\/ca\\\/\",\"name\":\"\u00c0gora Bcn\",\"description\":\"Residencia universitaria internacional en Barcelona\",\"potentialAction\":[{\"@type\":\"SearchAction\",\"target\":{\"@type\":\"EntryPoint\",\"urlTemplate\":\"https:\\\/\\\/www.agorabcn.com\\\/ca\\\/?s={search_term_string}\"},\"query-input\":{\"@type\":\"PropertyValueSpecification\",\"valueRequired\":true,\"valueName\":\"search_term_string\"}}],\"inLanguage\":\"ca\"}]}<\/script>\n<!-- \/ Yoast SEO plugin. -->","yoast_head_json":{"title":"Preguntes freq\u00fcents - \u00c0gora Bcn","description":"Resol aqu\u00ed els dubtes m\u00e9s freq\u00fcents sobre la nostra resid\u00e8ncia universit\u00e0ria internacional a Barcelona. Temps d'estada, allotjaments, ...","robots":{"index":"index","follow":"follow","max-snippet":"max-snippet:-1","max-image-preview":"max-image-preview:large","max-video-preview":"max-video-preview:-1"},"canonical":"https:\/\/www.agorabcn.com\/ca\/preguntes-frecuents\/","og_locale":"ca_ES","og_type":"article","og_title":"Preguntes freq\u00fcents - \u00c0gora Bcn","og_description":"Resol aqu\u00ed els dubtes m\u00e9s freq\u00fcents sobre la nostra resid\u00e8ncia universit\u00e0ria internacional a Barcelona. Temps d'estada, allotjaments, ...","og_url":"https:\/\/www.agorabcn.com\/ca\/preguntes-frecuents\/","og_site_name":"\u00c0gora Bcn","article_modified_time":"2022-04-07T08:33:16+00:00","twitter_card":"summary_large_image","twitter_misc":{"Temps estimat de lectura":"1 minut"},"schema":{"@context":"https:\/\/schema.org","@graph":[{"@type":"WebPage","@id":"https:\/\/www.agorabcn.com\/ca\/preguntes-frecuents\/","url":"https:\/\/www.agorabcn.com\/ca\/preguntes-frecuents\/","name":"Preguntes freq\u00fcents - \u00c0gora Bcn","isPartOf":{"@id":"https:\/\/www.agorabcn.com\/ca\/#website"},"datePublished":"2022-02-14T09:31:13+00:00","dateModified":"2022-04-07T08:33:16+00:00","description":"Resol aqu\u00ed els dubtes m\u00e9s freq\u00fcents sobre la nostra resid\u00e8ncia universit\u00e0ria internacional a Barcelona. Temps d'estada, allotjaments, ...","breadcrumb":{"@id":"https:\/\/www.agorabcn.com\/ca\/preguntes-frecuents\/#breadcrumb"},"inLanguage":"ca","potentialAction":[{"@type":"ReadAction","target":["https:\/\/www.agorabcn.com\/ca\/preguntes-frecuents\/"]}]},{"@type":"BreadcrumbList","@id":"https:\/\/www.agorabcn.com\/ca\/preguntes-frecuents\/#breadcrumb","itemListElement":[{"@type":"ListItem","position":1,"name":"Portada","item":"https:\/\/www.agorabcn.com\/ca\/"},{"@type":"ListItem","position":2,"name":"Preguntes freq\u00fcents"}]},{"@type":"WebSite","@id":"https:\/\/www.agorabcn.com\/ca\/#website","url":"https:\/\/www.agorabcn.com\/ca\/","name":"\u00c0gora Bcn","description":"Residencia universitaria internacional en Barcelona","potentialAction":[{"@type":"SearchAction","target":{"@type":"EntryPoint","urlTemplate":"https:\/\/www.agorabcn.com\/ca\/?s={search_term_string}"},"query-input":{"@type":"PropertyValueSpecification","valueRequired":true,"valueName":"search_term_string"}}],"inLanguage":"ca"}]}},"_links":{"self":[{"href":"https:\/\/www.agorabcn.com\/ca\/wp-json\/wp\/v2\/pages\/685","targetHints":{"allow":["GET"]}}],"collection":[{"href":"https:\/\/www.agorabcn.com\/ca\/wp-json\/wp\/v2\/pages"}],"about":[{"href":"https:\/\/www.agorabcn.com\/ca\/wp-json\/wp\/v2\/types\/page"}],"author":[{"embeddable":true,"href":"https:\/\/www.agorabcn.com\/ca\/wp-json\/wp\/v2\/users\/1"}],"replies":[{"embeddable":true,"href":"https:\/\/www.agorabcn.com\/ca\/wp-json\/wp\/v2\/comments?post=685"}],"version-history":[{"count":5,"href":"https:\/\/www.agorabcn.com\/ca\/wp-json\/wp\/v2\/pages\/685\/revisions"}],"predecessor-version":[{"id":1717,"href":"https:\/\/www.agorabcn.com\/ca\/wp-json\/wp\/v2\/pages\/685\/revisions\/1717"}],"wp:attachment":[{"href":"https:\/\/www.agorabcn.com\/ca\/wp-json\/wp\/v2\/media?parent=685"}],"curies":[{"name":"wp","href":"https:\/\/api.w.org\/{rel}","templated":true}]}}